{"id":295,"date":"2018-06-21T12:07:19","date_gmt":"2018-06-21T10:07:19","guid":{"rendered":"http:\/\/docsites.cgmlife.com\/1372079565127\/?page_id=295"},"modified":"2023-09-12T11:58:43","modified_gmt":"2023-09-12T09:58:43","slug":"datenschutzerklarung","status":"publish","type":"page","link":"https:\/\/docsites.cgmlife.com\/1372079565127\/datenschutzerklarung\/","title":{"rendered":"Datenschutzerkl\u00e4rung"},"content":{"rendered":"\n<p>Nach der EU-Datenschutz-Grundverordnung (DSGVO) sind wir verpflichtet, Sie zu informieren, zu welchem Zweck unsere Praxis Daten erhebt,&nbsp; speichert oder weiterleitet.<\/p>\n\n\n\n<p><strong>1. Verantwortlich f\u00fcr die Datenverarbeitung im Sinne der DS-GVO ist:<\/strong><\/p>\n\n\n\n<p>Arztpraxis<\/p>\n\n\n\n<p>Michael Janka<br>Marktstrasse7<br>D &#8211; 83317 Teisendorf<\/p>\n\n\n\n<p>Telefon: 0049 86 66 5 36<br>Telefax: 0049 86 66 76 79<br>email: info@praxis-janka.de<\/p>\n\n\n\n<p><strong>2<\/strong><strong>. Zweck der Datenverarbeitung:<\/strong><\/p>\n\n\n\n<p>Die Datenverarbeitung erfolgt aufgrund gesetzlicher Vorgaben, um den Behandlungsvertrag zwichen Patient und Arzt und die damit verbundene Pflicht zu erf\u00fcllen.<\/p>\n\n\n\n<p>Hierzu verarbeiten wir Ihre personenbezogenen Daten, insbesondere Ihre Gesundheitsdaten. Dazu z\u00e4hlen Anamnesen, Diagnosen, Therapievorschl\u00e4ge und Befunde, die wir oder andere \u00c4rzte oder Psychotherapeuten, bei denen Sie in Behandlung sind, Daten zur Verf\u00fcgung stellen (z. B. in Arztbriefen).<\/p>\n\n\n\n<p>Die Erhebung von Gesundheitsdaten ist Voraussetzung f\u00fcr Ihre Behandlung. Werden die notwendigen Informationen nicht bereitgestellt, kann eine sorgf\u00e4ltige Behandlung nicht erfolgen.<\/p>\n\n\n\n<p><strong>3. Empf\u00e4nger Ihrer Daten:<\/strong><\/p>\n\n\n\n<p>Wir \u00fcbermitteln Ihre personenbezogenen Daten nur dann an Dritte, wenn dies gesetzlich erlaubt ist oder Sie eingewilligt haben.<\/p>\n\n\n\n<p>Empf\u00e4nger Ihrer personenbezogenen Daten k\u00f6nnen vor allem \u00c4rzte, Psychotherapeuten, Kassen\u00e4rztliche Vereinigung, Krankenkassen, Medizinischer Dienst der Krankenkassen, Rentenversicherung, \u00c4rztekammern und privat\u00e4rztliche Verrechnungsstellen sein.<\/p>\n\n\n\n<p>Die \u00dcbermittlung erfolgt \u00fcberwiegend zum Zwecke der Abrechnung der bei Ihnen erbrachten Leistungen, zur Kl\u00e4rung von medizinischen, sich aus Ihrem Versicherungsverh\u00e4ltnis ergebenden Fragen. Im Einzelfall erfolgt die \u00dcbermittlung von Daten an weitere berechtigte Empf\u00e4nger.<\/p>\n\n\n\n<p><strong>4. Erhebung und Speicherung personenbezogener Daten:<br><\/strong><\/p>\n\n\n\n<p><span style=\"text-decoration: underline;\">Beim Besuch unserer Website:<\/span><\/p>\n\n\n\n<p>Sie k\u00f6nnen unsere Webseite besuchen, ohne Ihre Identit\u00e4t preiszugeben. In jedem Fall werden in Protokolldateien, \u00fcber Suchmaschinen und Formulare Daten erhoben.<\/p>\n\n\n\n<p>Folgende Informationen werden dabei ohne Ihr Zutun erfasst:<\/p>\n\n\n\n<ul class=\"wp-block-list\" type=\"disc\">\n<li>die IP-Adresse des anfragenden Rechners,<\/li>\n\n\n\n<li>das Datum, die Dauer &nbsp;und die Uhrzeit des Zugriffs,<\/li>\n\n\n\n<li>der Name und die URL der abgerufenen Datei,<\/li>\n\n\n\n<li>die Website, von der aus der Zugriff erfolgte (Referrer-URL),<\/li>\n\n\n\n<li>der von Ihnen verwendete Browser und ggf. das Betriebssystem Ihres Rechners, geografische Herkunft, Spracheinstellung sowie der Name Ihres Access-Providers.\u00a0<\/li>\n<\/ul>\n\n\n\n<p><span style=\"text-decoration: underline;\">Beim Besuch in der Praxis:<\/span><\/p>\n\n\n\n<p>Wir bewahren Ihre personenbezogenen Daten nur solange auf, wie dies f\u00fcr die Durchf\u00fchrung der Behandlung erforderlich ist.<\/p>\n\n\n\n<p>Aufgrund rechtlicher Vorgaben sind wir dazu verpflichtet, diese Daten mindestens 10 Jahre nach Abschlu\u00df der Behandlung aufzubewahren.<\/p>\n\n\n\n<p><strong>5. Ihre Rechte:<\/strong><\/p>\n\n\n\n<p>Sie haben das Recht, \u00fcber die Sie betreffenden personenbezogenen Daten Auskunft zu erhalten. Auch k\u00f6nnen Sie die Berichtigung unrichtiger Daten verlangen.<\/p>\n\n\n\n<p>Dar\u00fcber hinaus steht Ihnen &#8211; wenn eine der gesetzlichen Voraussetzung gegeben ist &#8211;&nbsp; das Recht auf L\u00f6schung von Daten, das Recht auf Einschr\u00e4nkung der Datenverarbeitung sowie das Recht auf Daten\u00fcbertragbarkeit zu.<\/p>\n\n\n\n<p>Die Verarbeitung Ihrer Daten erfolgt auf Basis von gesetzlichen Regelungen. Nur in Ausnahmef\u00e4llen ben\u00f6tigen wir Ihr Einverst\u00e4ndnis.  In diesen F\u00e4llen haben Sie das Recht, die Einwilligung f\u00fcr die zuk\u00fcnftige Verarbeitung zu widerrufen. Ist die Verarbeitung personenbezogener Daten erforderlich und besteht f\u00fcr eine solche Verarbeitung keine gesetzliche Grundlage, holen wir generell eine Einwilligung von Ihnen ein.<\/p>\n\n\n\n<p>Sie haben ferner das Recht, sich bei der zust\u00e4ndigen Aufsichtsbeh\u00f6rde f\u00fcr den Datenschutz zu beschweren, wenn Sie der Ansicht sind, dass die Verarbeitung Ihrer personenbezogenen Daten nicht rechtm\u00e4\u00dfig erfolgt.<\/p>\n\n\n\n<p>Zust\u00e4ndige Aufsichtsbeh\u00f6rde f\u00fcr uns:<\/p>\n\n\n\n<p>Bayerisches Landesamt f\u00fcr Datenschutzaufsicht (BayLDA)<br>Promenade 27<br>91522 Ansbach<\/p>\n\n\n\n<p><strong>6. Rechtliche Grundlagen:<\/strong><\/p>\n\n\n\n<p>Rechtsgrundlage f\u00fcr die Verarbeitung Ihrer Daten ist Artikel 9 Absatz 2 lit. H (DSGVO in Verbindung mit Paragraph 22 Absatz 1Nr. 1 lit. B) Bundesdatenschutzgesetz.<\/p>\n\n\n\n<p><strong>7. Allgemeine Hinweise und Pflichtinformationen:<\/strong><\/p>\n\n\n\n<p>Wenn Sie diese Website benutzen, werden verschiedene personenbezogene Daten erhoben. Personenbezogene Daten sind Daten, mit denen Sie pers\u00f6nlich identizifiziert werden k\u00f6nnen. Wir weisen darauf hin, dass die Daten\u00fcbertragung im Internet (z. B. bei der Kommunikation per E-Mail) Sicherheitsl\u00fccken aufweisen kann. Ein l\u00fcckenloser Schutz der Daten vor dem Zugriff durch Dritte ist nicht m\u00f6glich.<\/p>\n\n\n\n<p><strong>8. Aktualit\u00e4t und \u00c4nderung der Datenschutzerkl\u00e4rung:<\/strong><\/p>\n\n\n\n<p>Diese Datenschutzerkl\u00e4rung ist aktuell g\u00fcltig und hat den Stand Mai 2018.<\/p>\n","protected":false},"excerpt":{"rendered":"<p>Nach der EU-Datenschutz-Grundverordnung (DSGVO) sind wir verpflichtet, Sie zu informieren, zu welchem Zweck unsere Praxis Daten erhebt,&nbsp; speichert oder weiterleitet. 1. Verantwortlich f\u00fcr die Datenverarbeitung im Sinne der DS-GVO ist: Arztpraxis Michael JankaMarktstrasse7D &#8211; 83317 Teisendorf Telefon: 0049 86 66 5 36Telefax: 0049 86 66 76 79email: info@praxis-janka.de 2. Zweck der Datenverarbeitung: Die Datenverarbeitung erfolgt [&hellip;]<\/p>\n","protected":false},"author":185,"featured_media":0,"parent":0,"menu_order":0,"comment_status":"closed","ping_status":"closed","template":"","meta":{"footnotes":""},"class_list":["post-295","page","type-page","status-publish","hentry"],"_links":{"self":[{"href":"https:\/\/docsites.cgmlife.com\/1372079565127\/wp-json\/wp\/v2\/pages\/295","targetHints":{"allow":["GET"]}}],"collection":[{"href":"https:\/\/docsites.cgmlife.com\/1372079565127\/wp-json\/wp\/v2\/pages"}],"about":[{"href":"https:\/\/docsites.cgmlife.com\/1372079565127\/wp-json\/wp\/v2\/types\/page"}],"author":[{"embeddable":true,"href":"https:\/\/docsites.cgmlife.com\/1372079565127\/wp-json\/wp\/v2\/users\/185"}],"replies":[{"embeddable":true,"href":"https:\/\/docsites.cgmlife.com\/1372079565127\/wp-json\/wp\/v2\/comments?post=295"}],"version-history":[{"count":17,"href":"https:\/\/docsites.cgmlife.com\/1372079565127\/wp-json\/wp\/v2\/pages\/295\/revisions"}],"predecessor-version":[{"id":605,"href":"https:\/\/docsites.cgmlife.com\/1372079565127\/wp-json\/wp\/v2\/pages\/295\/revisions\/605"}],"wp:attachment":[{"href":"https:\/\/docsites.cgmlife.com\/1372079565127\/wp-json\/wp\/v2\/media?parent=295"}],"curies":[{"name":"wp","href":"https:\/\/api.w.org\/{rel}","templated":true}]}}