{"id":301,"date":"2013-11-10T20:11:22","date_gmt":"2013-11-10T18:11:22","guid":{"rendered":"http:\/\/docsites.cgmlife.com\/137421694158\/?page_id=301"},"modified":"2013-12-15T13:21:59","modified_gmt":"2013-12-15T12:21:59","slug":"impressum-2","status":"publish","type":"page","link":"https:\/\/docsites.cgmlife.com\/137421694158\/impressum-2\/","title":{"rendered":"Impressum"},"content":{"rendered":"<pre style=\"line-height: normal;font-family: Arial, Helvetica, sans-serif;font-size: 18px;font-style: normal\"><span style=\"color: #808080;font-family: Arial, Helvetica, sans-serif;font-size: 24px\"><span style=\"font-size: medium\"><strong>Verantwortlich f\u00fcr den Inhalt dieser Seiten<\/strong><\/span>:<\/span><\/pre>\n<pre style=\"line-height: normal;font-family: Arial, Helvetica, sans-serif;font-size: 18px;font-style: normal\"><span style=\"color: #808080\"><span style=\"font-size: large\">Dr. med. Dipl.-Psych. Claudia Nowack<\/span>\r\n<span style=\"font-size: large\">R\u00fcschhausweg 219<\/span>\r\n<span style=\"font-size: large\">48161 M\u00fcnster<\/span>\r\n<span style=\"font-size: large\">Fon 0251 87259995, Fax 0251 87259996,<\/span>\r\n<span style=\"font-size: large\">Email praxis-dr-nowack@t-online.de<\/span><\/span><\/pre>\n<pre style=\"line-height: normal;font-family: Arial, Helvetica, sans-serif;font-size: 18px;font-style: normal\"><span style=\"color: #808080\"><span style=\"font-size: large\">Berufsbezeichnung: Fach\u00e4rztin f\u00fcr Allgemeinmedizin, Psychotherapeutin\r\n<\/span><span style=\"font-size: large\">Verliehen in: Deutschland<\/span>\r\n<span style=\"font-size: large\">berufsrechtliche Aufsichtsbeh\u00f6rde: <a href=\"http:\/\/www.aekwl.de\/\">\u00c4rztekammer Westfalen-Lippe<\/a><\/span>\r\n<span style=\"font-size: large\">kassen\u00e4rztliche Aufsichtsbeh\u00f6rde: <a href=\"http:\/\/www.kvwl.de\/\">Kassen\u00e4rztliche Vereinigung Westfalen Lippe\r\n<\/a><\/span>\r\n<strong><span style=\"font-size: large\">Berufsrechtliche Regelungen<\/span><\/strong><\/span><\/pre>\n<pre style=\"line-height: normal;font-family: Arial, Helvetica, sans-serif;font-size: 18px;font-style: normal\"><span style=\"color: #808080\"><a href=\"http:\/\/www.aekwl.de\/fileadmin\/rechtsabteilung\/doc\/Berufsordnung_20111126_internet.pdf\"><span style=\"font-size: large\">Berufsordnung der \u00c4rztekammer Westfalen-Lippe<\/span><\/a>\r\n\r\n<span style=\"font-size: large\"> \r\n\r\n<strong>Haftungshinweis<\/strong><\/span><\/span><\/pre>\n<pre style=\"line-height: normal;font-family: Arial, Helvetica, sans-serif;font-size: 18px;font-style: normal\"><span style=\"color: #808080\"><span style=\"font-size: large\">Als Inhaltsanbieterin bin ich f\u00fcr den Inhalt der Texte und Informationen sowie f\u00fcr die<\/span>\r\n<span style=\"font-size: large\">Webseiten, die ich hier zur Nutzung bereithalte, nach den allgemeinen Gesetzen \r\nverantwortlich.<\/span>\r\n\r\n<span style=\"font-size: large\">Von diesen eigenen Inhalten sind Querverweise (Links) auf die von anderen Anbietern<\/span>\r\n<span style=\"font-size: large\">bereitgehaltenen Inhalte zu unterscheiden. Diese fremden Inhalte stammen weder<\/span>\r\n<span style=\"font-size: large\">von mir noch habe ich die M\u00f6glichkeit, den Inhalt von Seiten Dritter zu beeinflussen. \r\nDie Inhalte fremder Seiten, auf die ich mittels Links hinweise, spiegeln nicht in jedem Fall<\/span>\r\n<span style=\"font-size: large\">meine Meinung wider, sondern dienen lediglich  der Information und der Darstellung \r\nvon Zusammenh\u00e4ngen. Ich hafte ausdr\u00fccklich nicht f\u00fcr fremde Inhalte, auf die ich<\/span>\r\n<span style=\"font-size: large\">lediglich im oben genannten Sinne hinweise.<\/span>\r\nDie Verantwortung liegt ausschlie\u00dflich bei den Anbietern der Inhalte.   <\/span><\/pre>\n<pre style=\"line-height: normal;font-family: Arial, Helvetica, sans-serif;font-size: 18px;font-style: normal\"><span style=\"color: #808080\"><span style=\"font-size: large\">Die Inhalte dieser Seiten wurden nach bestem Wissen und Gewissen erstellt:<\/span>\r\n<span style=\"font-size: large\">Eine Haftung f\u00fcr Handlungen von Nutzern oder Dritten, die auf Informationen \r\ndieser Seiten basieren, ist ausgeschlossen. Alle Seiteninhalte sind ohne Gew\u00e4hr. \r\n\r\n<\/span><\/span><span style=\"color: #808080\"><strong><span style=\"font-size: large\">\r\nDatenschutzerkl\u00e4rung<\/span><\/strong><\/span><\/pre>\n<pre style=\"line-height: normal;font-family: Arial, Helvetica, sans-serif;font-size: 18px;font-style: normal\"><span style=\"color: #808080\"><span style=\"font-size: large\">Daten der Benutzer dieser Seiten und der zugeh\u00f6rigen Online-Dienste\r\nwerden vertraulich behandelt<\/span><span style=\"font-size: large\">und keinesfalls ohne Zustimmung der Daten-\r\neigner anderen Stellen mitgeteilt, die nicht unmittelbar<\/span>\r\n<span style=\"font-size: large\">an der medizinischen Behandlung beteiligt sind. Ausnahmen k\u00f6nnen aufgrund \r\ngesetzlicher Vorschriften wie z.B. des Infektionsschutzgesetzes erforderlich sein.<\/span>\r\n<span style=\"font-size: large\">Alle mitgeteilten Daten unterliegen der \u00e4rztlichen Schweigepflicht.\r\nDie Einsehbarkeit Ihrer per Email \u00fcbermittelten Informationen durch Dritte ist durch \r\nmich nicht beeinflussbar, daher kann ich deren Vertraulichkeit nicht garantieren.\r\nWenn Sie Ihre medizinischen Daten nicht per Email mitgeteilt bekommen m\u00f6chten,\r\nbitte ich Sie um einen entsprechenden Hinweis.<\/span><\/span><\/pre>\n<pre style=\"line-height: normal;font-family: Arial, Helvetica, sans-serif;font-size: 18px;font-style: normal\"><span style=\"color: #808080\"><strong><span style=\"font-size: large\">\r\nKonzeption und Design<\/span><\/strong><\/span><\/pre>\n<pre style=\"line-height: normal;font-family: Arial, Helvetica, sans-serif;font-size: 18px;font-style: normal\"><span style=\"color: #808080;font-size: large\">Dr. Claudia Nowack unter Zuhilfenahme der CGM-Docsites Vorlage<\/span><\/pre>\n<pre style=\"line-height: normal;font-family: Arial, Helvetica, sans-serif;font-size: 18px;font-style: normal\"><span style=\"color: #808080\"><strong><span style=\"font-size: large\">\r\nCopyright Text und Bilder<\/span><\/strong><\/span><\/pre>\n<pre style=\"line-height: normal;font-family: Arial, Helvetica, sans-serif;font-size: 18px;font-style: normal\"><span style=\"color: #808080;font-size: large\">Dr. Claudia Nowack<\/span><\/pre>\n<pre><span style=\"font-size: large\">\u00a0<\/span><\/pre>\n","protected":false},"excerpt":{"rendered":"<p>Verantwortlich f\u00fcr den Inhalt dieser Seiten: Dr. med. Dipl.-Psych. Claudia Nowack R\u00fcschhausweg 219 48161 M\u00fcnster Fon 0251 87259995, Fax 0251 87259996, Email praxis-dr-nowack@t-online.de Berufsbezeichnung: Fach\u00e4rztin f\u00fcr Allgemeinmedizin, Psychotherapeutin Verliehen in: Deutschland berufsrechtliche Aufsichtsbeh\u00f6rde: \u00c4rztekammer Westfalen-Lippe kassen\u00e4rztliche Aufsichtsbeh\u00f6rde: Kassen\u00e4rztliche Vereinigung Westfalen Lippe Berufsrechtliche Regelungen Berufsordnung der \u00c4rztekammer Westfalen-Lippe Haftungshinweis Als Inhaltsanbieterin bin ich f\u00fcr den Inhalt [&hellip;]<\/p>\n","protected":false},"author":316,"featured_media":0,"parent":0,"menu_order":100,"comment_status":"closed","ping_status":"closed","template":"","meta":{"footnotes":""},"class_list":["post-301","page","type-page","status-publish","hentry"],"_links":{"self":[{"href":"https:\/\/docsites.cgmlife.com\/137421694158\/wp-json\/wp\/v2\/pages\/301","targetHints":{"allow":["GET"]}}],"collection":[{"href":"https:\/\/docsites.cgmlife.com\/137421694158\/wp-json\/wp\/v2\/pages"}],"about":[{"href":"https:\/\/docsites.cgmlife.com\/137421694158\/wp-json\/wp\/v2\/types\/page"}],"author":[{"embeddable":true,"href":"https:\/\/docsites.cgmlife.com\/137421694158\/wp-json\/wp\/v2\/users\/316"}],"replies":[{"embeddable":true,"href":"https:\/\/docsites.cgmlife.com\/137421694158\/wp-json\/wp\/v2\/comments?post=301"}],"version-history":[{"count":44,"href":"https:\/\/docsites.cgmlife.com\/137421694158\/wp-json\/wp\/v2\/pages\/301\/revisions"}],"predecessor-version":[{"id":547,"href":"https:\/\/docsites.cgmlife.com\/137421694158\/wp-json\/wp\/v2\/pages\/301\/revisions\/547"}],"wp:attachment":[{"href":"https:\/\/docsites.cgmlife.com\/137421694158\/wp-json\/wp\/v2\/media?parent=301"}],"curies":[{"name":"wp","href":"https:\/\/api.w.org\/{rel}","templated":true}]}}