{"id":633,"date":"2014-04-21T16:59:42","date_gmt":"2014-04-21T15:59:42","guid":{"rendered":"http:\/\/docsites.cgmlife.com\/137421694158\/?page_id=633"},"modified":"2025-07-01T15:10:22","modified_gmt":"2025-07-01T14:10:22","slug":"633-2","status":"publish","type":"page","link":"https:\/\/docsites.cgmlife.com\/137421694158\/633-2\/","title":{"rendered":"Gelbfieber"},"content":{"rendered":"<p><b><span style=\"color: #000000;font-size: medium\">Was ist Gelbfieber und warum sollte ich mich impfen lassen?<\/span><\/b><\/p>\n<p><span style=\"color: #000000;font-size: medium\">Gelbfieber ist eine akut lebensbedrohende Infektionskrankheit, welche bei ung\u00fcnstigem Verlauf t\u00f6dlich endet. \u00dcbertragen wird sie durch M\u00fccken. Erreger ist das Gelbfiebervirus. Es kommt in bestimmten tropischen Regionen in S\u00fcdamerika und Afrika vor, die von der Weltgesundheitsorganisation (WHO) zu Gelbfieberverbreitungszonen deklariert wurden. In Gebieten mit Vorkommen von Gelbfieber ist eine \u00dcbertragung in l\u00e4ndlichen aber auch in st\u00e4dtischen Regionen m\u00f6glich. Zu Ihrem pers\u00f6nlichen Schutz ist es notwendig, sich sp\u00e4testens 10 Tage vor Einreise in diese Gebiete gegen Gelbfieber impfen zu lassen. Daneben verlangen viele L\u00e4nder die Vorlage einer international g\u00fcltigen Bescheinigung (Impfpass) \u00fcber eine Gelbfieberimpfung, wenn Sie aus einem der L\u00e4nder mit Gelbfieberinfektionsgebieten einreisen wollen.<\/span><\/p>\n<p><b><span style=\"color: #000000;font-size: medium\">\u00a0<\/span><\/b><\/p>\n<p><span style=\"font-size: medium\"><span style=\"color: #000000\"><b>So verl\u00e4uft eine Gelbfieberimpfung<\/b>:<\/span><\/span><\/p>\n<p><span style=\"color: #000000;font-size: medium\">Die gut wirksame und im allgemeinen gut vertr\u00e4gliche Gelbfieberimpfung erfolgt mit einem sog. \u201eLebend-Virusimpfstoff\u201c, d. h. abgeschw\u00e4chte Gelbfieber-Impfstoffviren werden unter die Haut des Oberarmes gespritzt. W\u00e4hrend der ersten 2-7 Tage nach der Impfung kommt es zu einer Vermehrung der Impfviren. Dadurch wird Ihr Immunsystem zur Bildung von Abwehrstoffen (Antik\u00f6rper) angeregt. 10 Tage nach der Impfung verf\u00fcgen Sie \u00fcber einen wirksamen Impfschutz gegen die Gelbfiebererkrankung, der mindestens 10 Jahre anh\u00e4lt.<\/span><\/p>\n<p><b><span style=\"color: #000000;font-size: medium\">\u00a0<\/span><\/b><\/p>\n<p><b><span style=\"color: #000000;font-size: medium\">M\u00f6gliche Reaktionen nach der Impfung:<\/span><\/b><\/p>\n<p><span style=\"color: #000000;font-size: medium\">Bei 20-25% der Geimpften kommt es innerhalb von 1-3 Tagen nach der Impfung, selten l\u00e4nger anhaltend, zu einer Lokalreaktion an der Impfstelle mit einer geringen R\u00f6tung, Schwellung oder zu leichten Schmerzen, teilweise mit Beteiligung der zugeh\u00f6rigen Lymphknoten und zu Kopfschmerzen. Bei bis zu 10% kommt es innerhalb von 4-7 Tagen nach der Impfung zu grippe\u00e4hnlichen Symptomen wie leichtem Fieber, Abgeschlagenheit, Gelenk- und Gliederschmerzen, \u00dcbelkeit, Erbrechen und Durchfall, gelegentlich auch Bauchschmerzen. In der Regel klingen diese Impfreaktionen rasch und folgenlos wieder ab und machen keine \u00e4rztliche Behandlung erforderlich.<\/span><\/p>\n<p><b><span style=\"color: #000000;font-size: medium\">\u00a0<\/span><\/b><\/p>\n<p><b><span style=\"color: #000000;font-size: medium\">Sehr selten beobachtete Reaktionen:<\/span><\/b><\/p>\n<p><span style=\"color: #000000;font-size: medium\">Bei Allergien speziell gegen H\u00fchnereiwei\u00df oder andere Bestandteile des Impfstoffes k\u00f6nnen Minuten bis Stunden nach der Impfung allgemeine \u00dcberempfindlichkeitsreaktionen wie Nesselsucht, Schleimhautschwellungen im Rachen mit Luftnot und evtl. Schockzust\u00e4nde auftreten. Allergische Sp\u00e4treaktionen mit unterschiedlichen Hauterscheinungen oder Schmerzen in Muskeln und Gelenken sowie noch seltener Verminderung der Blutpl\u00e4ttchen (Thrombozyten) mit Blutungsneigung k\u00f6nnen bei Impflingen mit besonderer Allergieneigung bis zu zwei Wochen nach der Impfung auftreten. Sehr selten kam es nach der Erstimpfung zu einer Entz\u00fcndung des Gehirns oder der Hirnh\u00e4ute oder einer schweren gelbfieberartigen Erkrankung anderer Organe. Insgesamt sind weltweit ca. 30 F\u00e4lle mit schweren Nebenwirkungen und 17 Todesf\u00e4lle bei \u00fcber 400 Millionen Geimpften aufgetreten. In Deutschland sind bisher keine Todesf\u00e4lle berichtet worden. Da das Risiko f\u00fcr schwere Nebenwirkungen bei \u00e4lteren Personen erh\u00f6ht zu sein scheint, sollten \u2013 laut Gebrauchsinformation des Gelbfieberimpfstoff-Herstellers zu STAMARIL\u00ae- Erstimpfungen bei Personen \u00fcber 60 Jahre nur durchgef\u00fchrt werden, wenn ein hohes und unvermeidbares Risiko einer Gelbfieber-Infektion vorliegt. Geh\u00f6ren Sie zu dieser Gruppe, besprechen Sie das weitere Vorgehen mit Ihrem Arzt. Da bei einigen Impflingen mit schweren Nebenwirkungen organische oder funktionelle Thymuserkrankungen vorlagen, sollte dies als zus\u00e4tzliches Risiko f\u00fcr schwere Nebenwirkungen ber\u00fccksichtigt werden.<\/span><\/p>\n<p><b><span style=\"color: #000000;font-size: medium\">\u00a0<\/span><\/b><\/p>\n<p><span style=\"font-size: medium\"><span style=\"color: #000000\"><b>Eine Impfung sollte <\/b><b><i>nicht <\/i><\/b><b>durchgef\u00fchrt werden bei <\/b>akuten oder chronischen Infektionen,<\/span><\/span><\/p>\n<p><span style=\"color: #000000\"><span style=\"font-size: medium\">Erkrankung des Nervensystems, schweren Lebererkrankungen, \u00dcberempfindlichkeit (Allergie) gegen H\u00fchnereiwei\u00df oder Impfstoffbestandteile, Erkrankung des k\u00f6rpereigenen Abwehrsystems (u.a. symptomatische HIV-Infektion oder HIV-Infektion mit einer Zahl von unter 200 Helferzellen\/mm<\/span>3<span style=\"font-size: medium\">), immunsuppressiver Behandlung (z.B. systemischer Cortisonbehandlung (Tabletten oder Spritzen) oder andere Immunsuppressiva), Strahlen- und Chemotherapie, bestehender Schwangerschaft, gegenw\u00e4rtiger Behandlung von Allergien durch Desensibilisierung, Zustand nach Thymusdr\u00fcsenentfernung oder \u2013fehlfunktion und nicht bei S\u00e4uglingen unter 9 Mo. <\/span><\/span><\/p>\n<p><span style=\"color: #000000;font-size: medium\">Weitere Lebendimpfungen wie Mumps, Masern, R\u00f6teln und Windpocken k\u00f6nnen nur gleichzeitig oder im zeitlichen Abstand von 4 Wochen vor, bzw. nach der Gelbfieberimpfung gegeben werden. Andere Impfungen und auch die Gabe eines Immunglobulinpr\u00e4parates (Antik\u00f6rperpr\u00e4parat z.B. zur Hepatitisvorbeugung) m\u00fcssen dem Impfarzt mitgeteilt werden. <\/span><\/p>\n<p><span style=\"color: #000000;font-size: medium\">Die Impfviren werden nicht auf Kontaktpersonen \u00fcbertragen; die Impfung ist also f\u00fcr andere Familienangeh\u00f6rige ungef\u00e4hrlich, z.B. f\u00fcr eine in der Umgebung lebende Schwangere oder kleine Kinder. Falls einer der hier genannten Umst\u00e4nde auf Sie zutrifft oder Sie sich unsicher sind, ob Sie eine Gelbfieberimpfung erhalten d\u00fcrfen, teilen Sie Ihre Zweifel dem Impfarzt mit.<\/span><\/p>\n<p><b><span style=\"color: #000000;font-size: medium\">\u00a0<\/span><\/b><\/p>\n<p><b><span style=\"color: #000000;font-size: medium\">Verhalten nach der Impfung:<\/span><\/b><\/p>\n<p><span style=\"font-size: medium\"><span style=\"color: #000000\">F\u00fcr die Dauer von <b>1 Wo. <\/b>nach der Impfung sollten Sie sich keinen starken k\u00f6rperlichen Anstrengungen aussetzen (Leistungssport, Operationen, Sauna) und Sonnenb\u00e4der sowie \u00fcberm\u00e4\u00dfigen Alkoholgenuss vermeiden. F\u00fcr <b>4 Wo. <\/b>nach der Impfung d\u00fcrfen Sie kein Blut spenden. F\u00fcr die Dauer von 3 Monaten, mindestens jedoch f\u00fcr <b>4 Wo. <\/b>nach der Impfung ist eine Schwangerschaft zu vermeiden. Eine Impfung in der Schwangerschaft oder eine Schwangerschaft nach der Impfung ist aber kein Grund f\u00fcr einen Schwangerschaftsabbruch. W\u00e4hrend der Stillzeit sollte nicht geimpft werden. Sollten im zeitlichen Zusammenhang mit der Impfung Symptome auftreten, die Sie auf die Impfung zur\u00fcckf\u00fchren, \u00a0konsultieren Sie einen Arzt. <\/span><\/span><\/p>\n<p><span style=\"color: #000000;font-size: medium\">\u00a0<\/span><\/p>\n<p><b><span style=\"color: #000000;font-size: medium\">Zur Absch\u00e4tzung des Risikos m\u00f6glicher Nebenwirkungen durch die Gelbfieberimpfung und zum Ausschluss von Gegenanzeigen beantworten Sie bitte folgende Fragen:<\/span><\/b><\/p>\n<p><b><span style=\"color: #000000;font-size: medium\">bitte zutreffendes ankreuzen <\/span><\/b><\/p>\n<p><span style=\"font-size: medium\"><span style=\"color: #000000\">1. Leiden Sie an akuten oder chronischen Infektionen? Ja<span style=\"font-family: Calibri\">\u20dd\u00a0\u00a0 <\/span>Nein<span style=\"font-family: Calibri\">\u20dd<\/span><\/span><\/span><\/p>\n<p><span style=\"font-size: medium\"><span style=\"color: #000000\">2. Leiden Sie an Herz-, Leber- oder Nierenerkrankungen? Ja<span style=\"font-family: Calibri\">\u20dd\u00a0\u00a0 <\/span>Nein<span style=\"font-family: Calibri\">\u20dd<\/span><\/span><\/span><\/p>\n<p><span style=\"font-size: medium\"><span style=\"color: #000000\">3. Leiden Sie an Erkrankungen des Nervensystems? Ja<span style=\"font-family: Calibri\">\u20dd\u00a0\u00a0 <\/span>Nein<span style=\"font-family: Calibri\">\u20dd<\/span><\/span><\/span><\/p>\n<p><span style=\"font-size: medium\"><span style=\"color: #000000\">4. Ist bei Ihnen die Thymusdr\u00fcse entfernt oder eine Thymuserkrankung bekannt? Ja<span style=\"font-family: Calibri\">\u20dd\u00a0\u00a0 <\/span>Nein<span style=\"font-family: Calibri\">\u20dd<\/span><\/span><\/span><\/p>\n<p><span style=\"font-size: medium\"><span style=\"color: #000000\">5. Ist oder war bei Ihnen eine \u00dcberempfindlichkeit (Allergie) oder Asthma bekannt? Ja<span style=\"font-family: Calibri\">\u20dd\u00a0\u00a0 <\/span>Nein<span style=\"font-family: Calibri\">\u20dd<\/span><\/span><\/span><\/p>\n<p><span style=\"font-size: medium\"><span style=\"color: #000000\">6. Ist bei Ihnen eine spezielle \u00dcberempfindlichkeit gegen <b>H\u00fchnereiwei\u00df <\/b>bekannt? Ja<span style=\"font-family: Calibri\">\u20dd\u00a0\u00a0 <\/span>Nein<span style=\"font-family: Calibri\">\u20dd<\/span><\/span><\/span><\/p>\n<p><span style=\"color: #000000;font-size: medium\">7. Ist Ihre k\u00f6rpereigene Abwehr (Immunsystem) durch eine Krankheit (z.B. innere<\/span><\/p>\n<p><span style=\"color: #000000;font-size: medium\">Erkrankungen, HIV\/AIDS) oder durch bestimmte Behandlungen (Chemotherapie,<\/span><\/p>\n<p><span style=\"font-size: medium\"><span style=\"color: #000000\">Desensibilisierung, Cortisontherapie, Strahlentherapie) beeintr\u00e4chtigt? Ja<span style=\"font-family: Calibri\">\u20dd\u00a0\u00a0 <\/span>Nein<span style=\"font-family: Calibri\">\u20dd<\/span><\/span><\/span><\/p>\n<p><span style=\"font-size: medium\"><span style=\"color: #000000\">8. Nehmen Sie Medikamente ein? Ja<span style=\"font-family: Calibri\">\u20dd\u00a0\u00a0 <\/span>Nein<span style=\"font-family: Calibri\">\u20dd<\/span><\/span><\/span><\/p>\n<p><span style=\"color: #000000;font-size: medium\">wenn ja, welche? _________________________________________<\/span><\/p>\n<p><span style=\"font-size: medium\"><span style=\"color: #000000\">9. Wurden Sie w\u00e4hrend der letzten 4 Wochen geimpft? Ja<span style=\"font-family: Calibri\">\u20dd\u00a0\u00a0 <\/span>Nein<span style=\"font-family: Calibri\">\u20dd<\/span><\/span><\/span><\/p>\n<p><span style=\"color: #000000;font-size: medium\">wenn ja, wogegen? _________________________________________<\/span><\/p>\n<p><span style=\"color: #000000;font-size: medium\">10. Haben Sie in letzter Zeit k\u00f6rperlicher Ver\u00e4nderungen oder St\u00f6rungen Ihres<\/span><\/p>\n<p><span style=\"font-size: medium\"><span style=\"color: #000000\">Allgemeinbefindens bemerkt? Ja<span style=\"font-family: Calibri\">\u20dd\u00a0\u00a0 <\/span>Nein<span style=\"font-family: Calibri\">\u20dd<\/span><\/span><\/span><\/p>\n<p><span style=\"color: #000000;font-size: medium\">wenn ja, welche und wann? ____________________________________<\/span><\/p>\n<p><span style=\"font-size: medium\"><span style=\"color: #000000\">11. Sind Sie zuckerkrank (Diabetiker)? Ja<span style=\"font-family: Calibri\">\u20dd\u00a0\u00a0 <\/span>Nein<span style=\"font-family: Calibri\">\u20dd<\/span><\/span><\/span><\/p>\n<p><span style=\"font-size: medium\"><span style=\"color: #000000\">12. Nur f\u00fcr Frauen: Sind Sie schwanger? Ja<span style=\"font-family: Calibri\">\u20dd\u00a0\u00a0 <\/span>Nein<span style=\"font-family: Calibri\">\u20dd<\/span><\/span><\/span><\/p>\n<p><span style=\"font-size: medium\"><span style=\"color: #000000\">13. Sind Sie bereits fr\u00fcher einmal gegen Gelbfieber geimpft worden? Ja<span style=\"font-family: Calibri\">\u20dd\u00a0\u00a0 <\/span>Nein<span style=\"font-family: Calibri\">\u20dd<\/span><\/span><\/span><\/p>\n<p><span style=\"color: #000000;font-size: medium\">14. in welche\/es L\u00e4nder\/Land wollen Sie vereisen?<\/span><\/p>\n<p><span style=\"color: #000000;font-size: medium\">_____________________________________<\/span><\/p>\n<p><span style=\"font-size: medium\"><span style=\"color: #000000\">15. F\u00fcr &gt; 60j\u00e4hrige: Die Reise ist aus privaten\/dienstl. Gr\u00fcnden unvermeidbar Ja<span style=\"font-family: Calibri\">\u20dd\u00a0\u00a0 <\/span>Nein<span style=\"font-family: Calibri\">\u20dd<\/span><\/span><\/span><\/p>\n<p><span style=\"color: #000000;font-size: medium\">\u00a0<\/span><\/p>\n<p><b><span style=\"color: #000000;font-size: medium\">\u00dcber die Notwendigkeit der Impfung und ihre m\u00f6glichen Unvertr\u00e4glichkeiten und Nebenwirkungen wurde ich umfassend informiert. Ich habe dieses Merkblatt sowie den medizinischen Fragebogen vollst\u00e4ndig gelesen, verstanden und zutreffend beantwortet, hatte die M\u00f6glichkeit, alle mich interessierenden Fragen mit dem Arzt zu besprechen und habe keine weiteren Fragen.<\/span><\/b><\/p>\n<div>\n<p><span style=\"color: #000000\">Aufkl\u00e4rung und Impfung durchgef\u00fchrt:<\/span><\/p>\n<\/div>\n<p><span style=\"color: #000000\">\u00a0<\/span><\/p>\n<p><span style=\"color: #000000\">\u00a0<\/span><\/p>\n<p><span style=\"color: #000000\">\u00a0<\/span><\/p>\n<p><span style=\"color: #000000\">_______________________________________\u00a0\u00a0\u00a0\u00a0\u00a0\u00a0\u00a0\u00a0\u00a0\u00a0\u00a0\u00a0\u00a0\u00a0\u00a0\u00a0\u00a0\u00a0\u00a0\u00a0\u00a0\u00a0\u00a0\u00a0\u00a0\u00a0\u00a0\u00a0\u00a0\u00a0\u00a0-_________________________________________<\/span><\/p>\n<p><span style=\"color: #000000\">Datum, Unterschrift Impfarzt\/\u00e4rztin\u00a0\u00a0\u00a0\u00a0\u00a0\u00a0\u00a0\u00a0\u00a0\u00a0\u00a0\u00a0\u00a0\u00a0\u00a0 \u00a0\u00a0\u00a0\u00a0\u00a0\u00a0\u00a0\u00a0\u00a0\u00a0\u00a0\u00a0\u00a0\u00a0\u00a0\u00a0\u00a0\u00a0\u00a0\u00a0\u00a0\u00a0\u00a0\u00a0\u00a0\u00a0\u00a0\u00a0\u00a0\u00a0\u00a0\u00a0\u00a0\u00a0\u00a0\u00a0\u00a0\u00a0\u00a0\u00a0\u00a0\u00a0\u00a0\u00a0\u00a0\u00a0\u00a0\u00a0\u00a0\u00a0\u00a0\u00a0\u00a0\u00a0\u00a0\u00a0\u00a0Datum, Unterschrift Patient\/in\/ \u00a0\u00a0\u00a0\u00a0\u00a0\u00a0\u00a0\u00a0\u00a0\u00a0\u00a0\u00a0\u00a0\u00a0\u00a0\u00a0\u00a0\u00a0\u00a0\u00a0\u00a0\u00a0\u00a0\u00a0\u00a0\u00a0\u00a0\u00a0\u00a0\u00a0\u00a0\u00a0\u00a0\u00a0\u00a0\u00a0\u00a0\u00a0\u00a0\u00a0\u00a0\u00a0\u00a0\u00a0\u00a0\u00a0\u00a0\u00a0\u00a0\u00a0\u00a0\u00a0\u00a0\u00a0\u00a0\u00a0\u00a0\u00a0\u00a0\u00a0\u00a0\u00a0\u00a0\u00a0\u00a0\u00a0\u00a0\u00a0\u00a0\u00a0\u00a0\u00a0\u00a0\u00a0\u00a0\u00a0\u00a0\u00a0\u00a0\u00a0\u00a0\u00a0\u00a0\u00a0\u00a0\u00a0\u00a0\u00a0\u00a0\u00a0\u00a0\u00a0\u00a0\u00a0\u00a0\u00a0\u00a0\u00a0\u00a0\u00a0\u00a0\u00a0\u00a0\u00a0\u00a0\u00a0\u00a0\u00a0\u00a0\u00a0\u00a0\u00a0\u00a0\u00a0\u00a0\u00a0\u00a0\u00a0\u00a0\u00a0\u00a0\u00a0\u00a0\u00a0\u00a0\u00a0ggf. Erziehungsberechtigte\/er<\/span><\/p>\n","protected":false},"excerpt":{"rendered":"<p>Was ist Gelbfieber und warum sollte ich mich impfen lassen? Gelbfieber ist eine akut lebensbedrohende Infektionskrankheit, welche bei ung\u00fcnstigem Verlauf t\u00f6dlich endet. \u00dcbertragen wird sie durch M\u00fccken. Erreger ist das Gelbfiebervirus. Es kommt in bestimmten tropischen Regionen in S\u00fcdamerika und Afrika vor, die von der Weltgesundheitsorganisation (WHO) zu Gelbfieberverbreitungszonen deklariert wurden. In Gebieten mit Vorkommen [&hellip;]<\/p>\n","protected":false},"author":316,"featured_media":0,"parent":0,"menu_order":0,"comment_status":"closed","ping_status":"closed","template":"","meta":{"footnotes":""},"class_list":["post-633","page","type-page","status-publish","hentry"],"_links":{"self":[{"href":"https:\/\/docsites.cgmlife.com\/137421694158\/wp-json\/wp\/v2\/pages\/633","targetHints":{"allow":["GET"]}}],"collection":[{"href":"https:\/\/docsites.cgmlife.com\/137421694158\/wp-json\/wp\/v2\/pages"}],"about":[{"href":"https:\/\/docsites.cgmlife.com\/137421694158\/wp-json\/wp\/v2\/types\/page"}],"author":[{"embeddable":true,"href":"https:\/\/docsites.cgmlife.com\/137421694158\/wp-json\/wp\/v2\/users\/316"}],"replies":[{"embeddable":true,"href":"https:\/\/docsites.cgmlife.com\/137421694158\/wp-json\/wp\/v2\/comments?post=633"}],"version-history":[{"count":7,"href":"https:\/\/docsites.cgmlife.com\/137421694158\/wp-json\/wp\/v2\/pages\/633\/revisions"}],"predecessor-version":[{"id":987,"href":"https:\/\/docsites.cgmlife.com\/137421694158\/wp-json\/wp\/v2\/pages\/633\/revisions\/987"}],"wp:attachment":[{"href":"https:\/\/docsites.cgmlife.com\/137421694158\/wp-json\/wp\/v2\/media?parent=633"}],"curies":[{"name":"wp","href":"https:\/\/api.w.org\/{rel}","templated":true}]}}